{"id":7039,"date":"2015-06-17T09:46:59","date_gmt":"2015-06-17T09:46:59","guid":{"rendered":"http:\/\/localhost\/wordpress\/eventiz\/?page_id=7039"},"modified":"2020-01-27T13:54:13","modified_gmt":"2020-01-27T16:54:13","slug":"home-1","status":"publish","type":"page","link":"https:\/\/www.essarp-conference.org.ar\/2018\/es\/","title":{"rendered":"Inicio"},"content":{"rendered":"<div class=\"wpb-content-wrapper\">[vc_row full_width=&#8221;stretch_row_content_no_spaces&#8221; isfullwidth=&#8221;0&#8243; el_class=&#8221;space-margin-0&#8243;][vc_column][rev_slider_vc alias=&#8221;slider-2018&#8243;][\/vc_column][\/vc_row][vc_row][vc_column][pbr_block_heading title=&#8221;CONFERENCIA 2018: VIDEOS&#8221;][\/pbr_block_heading][\/vc_column][\/vc_row][vc_row][vc_column width=&#8221;1\/3&#8243;][vc_single_image image=&#8221;11088&#8243; img_size=&#8221;full&#8221; add_caption=&#8221;yes&#8221; alignment=&#8221;center&#8221; onclick=&#8221;custom_link&#8221; link=&#8221;https:\/\/www.essarp-conference.org.ar\/2018\/es\/video-caty-franco-espacios-que-invitan-una-propuesta-educativa-en-mexico\/&#8221;][\/vc_column][vc_column width=&#8221;1\/3&#8243;][vc_single_image image=&#8221;11089&#8243; img_size=&#8221;full&#8221; add_caption=&#8221;yes&#8221; alignment=&#8221;center&#8221; onclick=&#8221;custom_link&#8221; link=&#8221;https:\/\/www.essarp-conference.org.ar\/2018\/es\/video-martin-renton-what-did-we-learn-today\/&#8221;][\/vc_column][vc_column width=&#8221;1\/3&#8243;][vc_single_image image=&#8221;11106&#8243; img_size=&#8221;full&#8221; add_caption=&#8221;yes&#8221; alignment=&#8221;center&#8221; onclick=&#8221;custom_link&#8221; link=&#8221;https:\/\/www.essarp-conference.org.ar\/2018\/es\/video-doug-fisher-assessment-capable-learners\/&#8221;][\/vc_column][\/vc_row][vc_row][vc_column width=&#8221;1\/3&#8243;][vc_single_image image=&#8221;11096&#8243; img_size=&#8221;full&#8221; add_caption=&#8221;yes&#8221; alignment=&#8221;center&#8221; onclick=&#8221;custom_link&#8221; link=&#8221;https:\/\/www.essarp-conference.org.ar\/2018\/es\/video-rosan-bosch-designing-the-pedagogy-of-play\/&#8221;][\/vc_column][vc_column width=&#8221;1\/3&#8243;][vc_single_image image=&#8221;11097&#8243; img_size=&#8221;full&#8221; add_caption=&#8221;yes&#8221; alignment=&#8221;center&#8221; onclick=&#8221;custom_link&#8221; link=&#8221;https:\/\/www.essarp-conference.org.ar\/2018\/es\/video-martin-renton-challenging-learning-through-questioning\/&#8221;][\/vc_column][vc_column width=&#8221;1\/3&#8243;][vc_single_image image=&#8221;11100&#8243; img_size=&#8221;full&#8221; add_caption=&#8221;yes&#8221; alignment=&#8221;center&#8221; onclick=&#8221;custom_link&#8221; link=&#8221;https:\/\/www.essarp-conference.org.ar\/2018\/es\/video-doug-fisher-visible-learning-for-literacy\/&#8221;][\/vc_column][\/vc_row][vc_row][vc_column width=&#8221;1\/3&#8243;][vc_single_image image=&#8221;11102&#8243; img_size=&#8221;full&#8221; add_caption=&#8221;yes&#8221; alignment=&#8221;center&#8221; onclick=&#8221;custom_link&#8221; link=&#8221;https:\/\/www.essarp-conference.org.ar\/2018\/es\/video-martin-renton-the-power-of-a-learning-language\/&#8221;][\/vc_column][vc_column width=&#8221;1\/3&#8243;][vc_single_image image=&#8221;11103&#8243; img_size=&#8221;full&#8221; add_caption=&#8221;yes&#8221; alignment=&#8221;center&#8221; onclick=&#8221;custom_link&#8221; link=&#8221;https:\/\/www.essarp-conference.org.ar\/2018\/es\/video-david-gleason-at-what-cost-defending-child-development-in-fiercely-competitive-schools\/&#8221;][\/vc_column][vc_column width=&#8221;1\/3&#8243;][vc_single_image image=&#8221;11104&#8243; img_size=&#8221;full&#8221; add_caption=&#8221;yes&#8221; alignment=&#8221;center&#8221; onclick=&#8221;custom_link&#8221; link=&#8221;https:\/\/www.essarp-conference.org.ar\/2018\/es\/video-rosan-bosch-designing-for-a-better-world-starts-at-school\/&#8221;][\/vc_column][\/vc_row][vc_row][vc_column width=&#8221;1\/3&#8243;][\/vc_column][vc_column width=&#8221;1\/3&#8243;][vc_single_image image=&#8221;11108&#8243; img_size=&#8221;full&#8221; add_caption=&#8221;yes&#8221; alignment=&#8221;center&#8221; onclick=&#8221;custom_link&#8221; link=&#8221;https:\/\/www.essarp-conference.org.ar\/2018\/es\/doug-fisher-engagement-by-design\/&#8221;][\/vc_column][vc_column width=&#8221;1\/3&#8243;][\/vc_column][\/vc_row][vc_row][vc_column][pbr_block_heading title=&#8221;Dise\u00f1ar para Aprender&#8221; descript=&#8221;Whether you are looking for a high-level feature overview or seeking a more detailed discussion, the 2015 Conference Agenda offers something valuable for everyone. The agenda includes more Hands-on and Ask the Expert personalized sessions, as well as a large variety of educational sessions for all of the Logos solutions. Additionally, there will be a series of labs allowing you to explore new software and enhancements and learn how to get more out of the programs you use today.&#8221; icon=&#8221;&#8221;]Cada uno de nosotros posee un conjunto de creencias y teor\u00edas acerca del mundo para encontrar su significado. Este marco ejerce su influencia y dise\u00f1a las decisiones y acciones que tomamos diariamente, afectando nuestro entorno y el \u00e1mbito escolar donde nos desempe\u00f1amos.<\/p>\n<p>Este congreso explorar\u00e1 la influencia que tiene el dise\u00f1o en el aprendizaje analizando la manera que percibimos la curr\u00edcula,\u00a0las estrategias de ense\u00f1anza que promovemos, los entornos f\u00edsicos que creamos y la b\u00fasqueda del bienestar de nuestros alumnos.[\/pbr_block_heading][\/vc_column][\/vc_row][vc_row css=&#8221;.vc_custom_1453445113311{padding-bottom: 75px !important;}&#8221;][vc_column css=&#8221;.vc_custom_1450777042365{padding-top: 30px !important;}&#8221;][pbr_coming_soon title=&#8221;El evento comienza en:&#8221; style=&#8221;countdown-v2&#8243; date_comingsoon=&#8221;2018-09-010815&#8243;][\/vc_column][\/vc_row][vc_row gap=&#8221;10&#8243; css=&#8221;.vc_custom_1466107169209{padding-top: 50px !important;padding-bottom: 20px !important;}&#8221;][vc_column][pbr_block_heading title=&#8221;DISERTANTES&#8221;][\/pbr_block_heading][pbr_speakers_grid columns=&#8221;4&#8243;][\/vc_column][\/vc_row][vc_row bgstyle=&#8221;bg-style-v2&#8243; css=&#8221;.vc_custom_1528488135310{padding-top: 50px !important;padding-bottom: 40px !important;}&#8221;][vc_column][pbr_block_heading title=&#8221;PROGRAMA&#8221; subheading=&#8221;La forma m\u00e1s r\u00e1pida para enterarse parte de lo que suceder\u00e1&#8221;][\/pbr_block_heading][vc_message icon_fontawesome=&#8221;fa fa-headphones&#8221;]La traducci\u00f3n simult\u00e1nea estar\u00e1 disponible en los salones Girasoles 2 &amp; 3.[\/vc_message][pbr_singleevent_schedule layout_type=&#8221;tabs&#8221;][vc_message icon_fontawesome=&#8221;fa fa-headphones&#8221;]La traducci\u00f3n simult\u00e1nea estar\u00e1 disponible en los salones Girasoles 2 &amp; 3.[\/vc_message][\/vc_column][\/vc_row][vc_row css=&#8221;.vc_custom_1466645810063{padding-top: 40px !important;padding-bottom: 10px !important;}&#8221;][vc_column][pbr_block_heading title=&#8221;Sponsor Principal&#8221;][\/pbr_block_heading][\/vc_column][\/vc_row][vc_row][vc_column][pbr_sponsors image=&#8221;10841&#8243; link=&#8221;http:\/\/www.cambridgeinternational.org\/&#8221;][\/pbr_sponsors][\/vc_column][\/vc_row][vc_row css=&#8221;.vc_custom_1466645826249{padding-top: 40px !important;padding-bottom: 10px !important;}&#8221;][vc_column][pbr_block_heading title=&#8221;Sponsors Especiales&#8221;][\/pbr_block_heading][\/vc_column][\/vc_row][vc_row][vc_column width=&#8221;1\/4&#8243;][pbr_sponsors image=&#8221;10627&#8243; link=&#8221;http:\/\/www.fase2.tur.ar\/&#8221;][\/pbr_sponsors][\/vc_column][vc_column width=&#8221;1\/4&#8243;][pbr_sponsors image=&#8221;10377&#8243; link=&#8221;https:\/\/global.oup.com\/education\/?region=international&#8221;][\/pbr_sponsors][\/vc_column][vc_column width=&#8221;1\/4&#8243;][pbr_sponsors image=&#8221;10530&#8243; link=&#8221;http:\/\/www.macmillan.com.ar\/&#8221;][\/pbr_sponsors][\/vc_column][vc_column width=&#8221;1\/4&#8243;][pbr_sponsors image=&#8221;9841&#8243; link=&#8221;www.sbs.com.ar&#8221;][\/pbr_sponsors][\/vc_column][\/vc_row][vc_row css=&#8221;.vc_custom_1466645843943{padding-top: 30px !important;}&#8221;][vc_column width=&#8221;1\/4&#8243;][pbr_sponsors image=&#8221;9843&#8243; link=&#8221;www.kel-ediciones.com&#8221;][\/pbr_sponsors][\/vc_column][vc_column width=&#8221;1\/4&#8243;][pbr_sponsors image=&#8221;9842&#8243; link=&#8221;www.brainylearning.com.ar&#8221;][\/pbr_sponsors][\/vc_column][vc_column width=&#8221;1\/4&#8243;][pbr_sponsors image=&#8221;10367&#8243; link=&#8221;www.pearson.com&#8221;][\/pbr_sponsors][\/vc_column][vc_column width=&#8221;1\/4&#8243;][pbr_sponsors image=&#8221;10609&#8243; link=&#8221;http:\/\/www.cambridge.org\/&#8221;][\/pbr_sponsors][\/vc_column][\/vc_row][vc_row css=&#8221;.vc_custom_1466769498106{padding-top: 30px !important;}&#8221;][vc_column width=&#8221;1\/4&#8243;][pbr_sponsors image=&#8221;10643&#8243; link=&#8221;http:\/\/www.mediatel.com.ar\/&#8221;][\/pbr_sponsors][\/vc_column][vc_column width=&#8221;1\/4&#8243;][pbr_sponsors image=&#8221;10840&#8243; link=&#8221;http:\/\/www.richmond.com.ar\/&#8221;][\/pbr_sponsors][\/vc_column][vc_column width=&#8221;1\/4&#8243;][pbr_sponsors image=&#8221;10932&#8243; link=&#8221;http:\/\/interlatina.org\/en\/&#8221;][\/pbr_sponsors][\/vc_column][vc_column width=&#8221;1\/4&#8243;][pbr_sponsors image=&#8221;10959&#8243; link=&#8221;http:\/\/ngl.cengage.com\/&#8221;][\/pbr_sponsors][\/vc_column][\/vc_row][vc_row css=&#8221;.vc_custom_1466769498106{padding-top: 30px !important;}&#8221;][vc_column width=&#8221;1\/4&#8243;][pbr_sponsors image=&#8221;11000&#8243; link=&#8221;https:\/\/www.hmhco.com\/&#8221;][\/pbr_sponsors][\/vc_column][vc_column width=&#8221;1\/4&#8243;][\/vc_column][vc_column width=&#8221;1\/4&#8243;][\/vc_column][vc_column width=&#8221;1\/4&#8243;][\/vc_column][\/vc_row][vc_row css=&#8221;.vc_custom_1466645855071{padding-top: 40px !important;padding-bottom: 10px !important;}&#8221;][vc_column][pbr_block_heading title=&#8221;Organizaciones de Apoyo&#8221;][\/pbr_block_heading][\/vc_column][\/vc_row][vc_row css=&#8221;.vc_custom_1467053827522{padding-bottom: 40px !important;}&#8221;][vc_column width=&#8221;1\/6&#8243;][\/vc_column][vc_column width=&#8221;1\/6&#8243;][pbr_sponsors image=&#8221;9854&#8243; link=&#8221;www.revistacolegio.com&#8221;][\/pbr_sponsors][\/vc_column][vc_column width=&#8221;1\/6&#8243;][pbr_sponsors image=&#8221;10325&#8243; link=&#8221;www.borlenghi.com&#8221;][\/pbr_sponsors][\/vc_column][vc_column width=&#8221;1\/6&#8243;][pbr_sponsors image=&#8221;10359&#8243; link=&#8221;https:\/\/www.hosteconline.com\/&#8221;][\/pbr_sponsors][\/vc_column][vc_column width=&#8221;1\/6&#8243;][\/vc_column][vc_column width=&#8221;1\/6&#8243;][\/vc_column][\/vc_row][vc_row css=&#8221;.vc_custom_1453445844403{padding-top: 50px !important;background-image: url(https:\/\/www.essarp-conference.org.ar\/2018aa\/wp-content\/uploads\/sites\/5\/2015\/06\/bg-pricing.jpg?id=8671) !important;}&#8221; el_class=&#8221;space-0&#8243;][vc_column][pbr_block_heading title=&#8221;Entradas&#8221; subheading=&#8221;Reg\u00edstrese y obtenga su entrada&#8221; color_style=&#8221;light-style&#8221;][\/pbr_block_heading][vc_row_inner][vc_column_inner width=&#8221;1\/2&#8243;][vc_column_text css=&#8221;.vc_custom_1563238101018{padding-top: 20px !important;padding-bottom: 20px !important;padding-left: 75px !important;background-image: url(https:\/\/www.essarp-conference.org.ar\/2018aa\/wp-content\/uploads\/sites\/5\/2016\/06\/ticket.png?id=10112) !important;}&#8221;]\n<h4>Anticipadas <span class=\"su-label su-label-type-success\">Fecha l\u00edmite 16 de julio 2018<\/span><\/h4>\n<ul>\n<li>Colegios Miembros y Afiliados\u00a0<strong>ARS 4.500<\/strong><\/li>\n<li>Exams Schools\u00a0<strong>ARS 4.950<\/strong><\/li>\n<li>No Afiliados\u00a0<strong>ARS 5.450<\/strong><\/li>\n<li>Colegios Miembros Internacionales\u00a0<strong>USD 500<\/strong><\/li>\n<li>Delegados Internacionales\u00a0<strong>USD 600<\/strong><\/li>\n<\/ul>\n<p style=\"text-align: center;\"><div class=\"su-spacer\" style=\"height:5px\"><\/div>\n[\/vc_column_text][\/vc_column_inner][vc_column_inner width=&#8221;1\/2&#8243;][vc_column_text css=&#8221;.vc_custom_1563238118895{padding-top: 20px !important;padding-bottom: 20px !important;padding-left: 75px !important;background-image: url(https:\/\/www.essarp-conference.org.ar\/2018aa\/wp-content\/uploads\/sites\/5\/2016\/06\/ticket.png?id=10112) !important;}&#8221;]\n<h4>Tarifa Regular <span class=\"su-label su-label-type-info\">Fecha l\u00edmite 24 de agosto 2018<\/span><\/h4>\n<ul>\n<li>Colegios Miembros y Afiliados\u00a0<strong>ARS 5.500<\/strong><\/li>\n<li>Exams Schools\u00a0<strong>ARS 6.050<\/strong><\/li>\n<li>No Afiliados\u00a0<strong>ARS 6.655<\/strong><\/li>\n<li>Colegios Miembros Internacionales\u00a0<strong>USD 600<\/strong><\/li>\n<li>Delegados Internacionales\u00a0<strong>USD 700<\/strong><\/li>\n<\/ul>\n<p style=\"text-align: center;\"><div class=\"su-spacer\" style=\"height:5px\"><\/div>\n[\/vc_column_text][\/vc_column_inner][\/vc_row_inner][\/vc_column][\/vc_row][vc_row css=&#8221;.vc_custom_1453445870659{padding-top: 60px !important;padding-bottom: 80px !important;}&#8221;][vc_column][vc_row_inner][vc_column_inner][pbr_block_heading title=&#8221;Ubicaci\u00f3n&#8221; subheading=&#8221;Informaci\u00f3n del Hotel&#8221;][\/pbr_block_heading][\/vc_column_inner][\/vc_row_inner][vc_row_inner][vc_column_inner][pbr_googlemap lat_lng=&#8221;-34.4438671,-58.864382699999965&#8243; height=&#8221;450&#8243; zoom=&#8221;15&#8243; main_title=&#8221;Sheraton Pilar Hotel &amp; Convention Center&#8221; main_content=&#8221;Panamericana KM 49.5, Pilar, Buenos Aires, Argentina&#8221; main_photo=&#8221;9006&#8243;]\n<div class=\"text-center\">\n<div class=\"title fw700 text-black space-20\"><b>Sheraton Pilar Hotel &amp; Convention Center<\/b><\/div>\n<div class=\"title fw700 text-black space-20\"><\/div>\n<div class=\"title fw700 text-black space-20\">Panamericana KM 49.5, <span class=\"locality\">Pilar<\/span>, Buenos Aires, Argentina<\/div>\n<p>Tel. <span class=\"tel\">(54)(230) 4385000<\/span><\/p>\n<p><a href=\"http:\/\/www.starwoodhotels.com\/sheraton\/property\/overview\/index.html?propertyID=1286\" target=\"_blank\" rel=\"noopener noreferrer\">www.starwoodhotels.com<\/a><\/p>\n<\/div>\n[\/pbr_googlemap][\/vc_column_inner][\/vc_row_inner][vc_message]<em>En caso de consultas y\/o reservas, favor contactar a Helen Kraft: <a href=\"mailto:helen.kraft@gmail.com\">helen.kraft@gmail.com<\/a><\/em>[\/vc_message][\/vc_column][\/vc_row][vc_row][vc_column][\/vc_column][\/vc_row]\n<\/div>","protected":false},"excerpt":{"rendered":"<p>[vc_row full_width=&#8221;stretch_row_content_no_spaces&#8221; isfullwidth=&#8221;0&#8243; el_class=&#8221;space-margin-0&#8243;][vc_column][rev_slider_vc alias=&#8221;slider-2018&#8243;][\/vc_column][\/vc_row][vc_row][vc_column][pbr_block_heading title=&#8221;CONFERENCIA 2018: VIDEOS&#8221;][\/pbr_block_heading][\/vc_column][\/vc_row][vc_row][vc_column width=&#8221;1\/3&#8243;][vc_single_image image=&#8221;11088&#8243; img_size=&#8221;full&#8221; add_caption=&#8221;yes&#8221; alignment=&#8221;center&#8221; onclick=&#8221;custom_link&#8221; link=&#8221;https:\/\/www.essarp-conference.org.ar\/2018\/es\/video-caty-franco-espacios-que-invitan-una-propuesta-educativa-en-mexico\/&#8221;][\/vc_column][vc_column width=&#8221;1\/3&#8243;][vc_single_image image=&#8221;11089&#8243; img_size=&#8221;full&#8221; add_caption=&#8221;yes&#8221; alignment=&#8221;center&#8221; onclick=&#8221;custom_link&#8221; link=&#8221;https:\/\/www.essarp-conference.org.ar\/2018\/es\/video-martin-renton-what-did-we-learn-today\/&#8221;][\/vc_column][vc_column width=&#8221;1\/3&#8243;][vc_single_image image=&#8221;11106&#8243; img_size=&#8221;full&#8221; add_caption=&#8221;yes&#8221; alignment=&#8221;center&#8221; onclick=&#8221;custom_link&#8221; link=&#8221;https:\/\/www.essarp-conference.org.ar\/2018\/es\/video-doug-fisher-assessment-capable-learners\/&#8221;][\/vc_column][\/vc_row][vc_row][vc_column width=&#8221;1\/3&#8243;][vc_single_image image=&#8221;11096&#8243; img_size=&#8221;full&#8221; add_caption=&#8221;yes&#8221; alignment=&#8221;center&#8221; onclick=&#8221;custom_link&#8221; link=&#8221;https:\/\/www.essarp-conference.org.ar\/2018\/es\/video-rosan-bosch-designing-the-pedagogy-of-play\/&#8221;][\/vc_column][vc_column width=&#8221;1\/3&#8243;][vc_single_image image=&#8221;11097&#8243; img_size=&#8221;full&#8221; add_caption=&#8221;yes&#8221; alignment=&#8221;center&#8221; onclick=&#8221;custom_link&#8221; link=&#8221;https:\/\/www.essarp-conference.org.ar\/2018\/es\/video-martin-renton-challenging-learning-through-questioning\/&#8221;][\/vc_column][vc_column width=&#8221;1\/3&#8243;][vc_single_image image=&#8221;11100&#8243; img_size=&#8221;full&#8221; add_caption=&#8221;yes&#8221; alignment=&#8221;center&#8221; onclick=&#8221;custom_link&#8221; link=&#8221;https:\/\/www.essarp-conference.org.ar\/2018\/es\/video-doug-fisher-visible-learning-for-literacy\/&#8221;][\/vc_column][\/vc_row][vc_row][vc_column width=&#8221;1\/3&#8243;][vc_single_image image=&#8221;11102&#8243; img_size=&#8221;full&#8221; add_caption=&#8221;yes&#8221; alignment=&#8221;center&#8221; &hellip; <a href=\"https:\/\/www.essarp-conference.org.ar\/2018\/es\/\" class=\"more-link\">Continue reading <span class=\"meta-nav\">&rarr;<\/span><span class=\"screen-reader-text\">Inicio<\/span> <\/a><\/p>\n","protected":false},"author":1,"featured_media":0,"parent":0,"menu_order":16,"comment_status":"closed","ping_status":"closed","template":"page-templates\/full-width.php","meta":{"_monsterinsights_skip_tracking":false,"_monsterinsights_sitenote_active":false,"_monsterinsights_sitenote_note":"","_monsterinsights_sitenote_category":0,"footnotes":""},"class_list":["post-7039","page","type-page","status-publish","hentry"],"_links":{"self":[{"href":"https:\/\/www.essarp-conference.org.ar\/2018\/es\/wp-json\/wp\/v2\/pages\/7039","targetHints":{"allow":["GET"]}}],"collection":[{"href":"https:\/\/www.essarp-conference.org.ar\/2018\/es\/wp-json\/wp\/v2\/pages"}],"about":[{"href":"https:\/\/www.essarp-conference.org.ar\/2018\/es\/wp-json\/wp\/v2\/types\/page"}],"author":[{"embeddable":true,"href":"https:\/\/www.essarp-conference.org.ar\/2018\/es\/wp-json\/wp\/v2\/users\/1"}],"replies":[{"embeddable":true,"href":"https:\/\/www.essarp-conference.org.ar\/2018\/es\/wp-json\/wp\/v2\/comments?post=7039"}],"version-history":[{"count":338,"href":"https:\/\/www.essarp-conference.org.ar\/2018\/es\/wp-json\/wp\/v2\/pages\/7039\/revisions"}],"predecessor-version":[{"id":11190,"href":"https:\/\/www.essarp-conference.org.ar\/2018\/es\/wp-json\/wp\/v2\/pages\/7039\/revisions\/11190"}],"wp:attachment":[{"href":"https:\/\/www.essarp-conference.org.ar\/2018\/es\/wp-json\/wp\/v2\/media?parent=7039"}],"curies":[{"name":"wp","href":"https:\/\/api.w.org\/{rel}","templated":true}]}}